{"id":535,"date":"2020-03-13T14:30:38","date_gmt":"2020-03-13T13:30:38","guid":{"rendered":"https:\/\/www.larbredeleveil.org\/lademeuresanslimites\/?post_type=tribe_events&#038;p=535"},"modified":"2021-02-18T12:51:22","modified_gmt":"2021-02-18T11:51:22","slug":"retraite-de-obon-avec-jokei-sensei","status":"publish","type":"tribe_events","link":"https:\/\/www.larbredeleveil.org\/lademeuresanslimites\/le-programme\/retraite-de-obon-avec-jokei-sensei\/","title":{"rendered":"O&#8217;BON &#8211; Retraite du 13 au 18 ao\u00fbt"},"content":{"rendered":"<p><span style=\"font-size: 14pt;\"><strong>Du 13 ao\u00fbt au soir au 18 ao\u00fbt apr\u00e8s d\u00e9jeuner.<br \/>\n<\/strong><strong>Th\u00e8me des enseignements : \u00ab Accueillir et laisser partir \u00bb<\/strong><\/span><\/p>\n<p><span style=\"font-size: 14pt;\"><em>Retraite ferm\u00e9e les 16 et 17 ao\u00fbt. Journ\u00e9es de silence.<\/em><\/span><\/p>\n<p><span style=\"font-size: 14pt;\">\u00ab\u00a0Je suis all\u00e9 partout \u00e0 la recherche d&#8217;un endroit pour m\u00e9diter sans r\u00e9aliser que cet endroit \u00e9tait d\u00e9j\u00e0 l\u00e0, dans mon c\u0153ur et dans mon esprit. Toute la m\u00e9ditation est juste l\u00e0, en nous. La naissance, le vieillissement, la maladie et la mort sont juste l\u00e0. J&#8217;ai voyag\u00e9 partout jusqu&#8217;au bout de mes forces et ce n&#8217;est que lorsque je me suis arr\u00eat\u00e9 que j&#8217;ai trouv\u00e9 ce que je cherchais &#8211; en moi.\u00a0\u00bb<\/span><br \/>\n<span style=\"font-size: 14pt;\"><em>Ajahn Chah<\/em><\/span><\/p>\n","protected":false},"excerpt":{"rendered":"<p>Du 13 ao\u00fbt au soir au 18 ao\u00fbt apr\u00e8s d\u00e9jeuner. Th\u00e8me des enseignements : \u00ab Accueillir et laisser partir \u00bb Retraite ferm\u00e9e les 16 et 17 ao\u00fbt. Journ\u00e9es de silence. \u00ab\u00a0Je suis all\u00e9 partout \u00e0&hellip;<\/p>\n","protected":false},"author":1,"featured_media":1492,"comment_status":"closed","ping_status":"closed","template":"","meta":{"_tribe_events_status":"","_tribe_events_status_reason":"","footnotes":""},"tags":[],"tribe_events_cat":[24],"class_list":["post-535","tribe_events","type-tribe_events","status-publish","has-post-thumbnail","hentry","tribe_events_cat-retraite","cat_retraite"],"yoast_head":"<!-- This site is optimized with the Yoast SEO plugin v26.8 - https:\/\/yoast.com\/product\/yoast-seo-wordpress\/ -->\n<title>O&#039;BON - Retraite du 13 au 18 ao\u00fbt - La Demeure sans Limites<\/title>\n<meta name=\"description\" content=\"Du 13 ao\u00fbt au soir au 18 ao\u00fbt apr\u00e8s d\u00e9jeuner. Th\u00e8me des enseignements : \u00ab Accueillir et laisser partir \u00bb Retraite ferm\u00e9e les 16 et 17 ao\u00fbt. Journ\u00e9es de Temple Bouddhiste Zen, Saint-Agr\u00e8ve en Ard\u00e8che\" \/>\n<meta name=\"robots\" content=\"index, follow, max-snippet:-1, max-image-preview:large, max-video-preview:-1\" \/>\n<link rel=\"canonical\" href=\"https:\/\/www.larbredeleveil.org\/lademeuresanslimites\/le-programme\/retraite-de-obon-avec-jokei-sensei\/\" \/>\n<meta property=\"og:locale\" content=\"fr_FR\" \/>\n<meta property=\"og:type\" content=\"article\" \/>\n<meta property=\"og:title\" content=\"O&#039;BON - Retraite du 13 au 18 ao\u00fbt - La Demeure sans Limites\" \/>\n<meta property=\"og:description\" content=\"Du 13 ao\u00fbt au soir au 18 ao\u00fbt apr\u00e8s d\u00e9jeuner. Th\u00e8me des enseignements : \u00ab Accueillir et laisser partir \u00bb Retraite ferm\u00e9e les 16 et 17 ao\u00fbt. Journ\u00e9es de Temple Bouddhiste Zen, Saint-Agr\u00e8ve en Ard\u00e8che\" \/>\n<meta property=\"og:url\" content=\"https:\/\/www.larbredeleveil.org\/lademeuresanslimites\/le-programme\/retraite-de-obon-avec-jokei-sensei\/\" \/>\n<meta property=\"og:site_name\" content=\"La Demeure sans Limites\" \/>\n<meta property=\"article:publisher\" content=\"https:\/\/www.facebook.com\/Lademeuresanslimites\/\" \/>\n<meta property=\"article:modified_time\" content=\"2021-02-18T11:51:22+00:00\" \/>\n<meta property=\"og:image\" content=\"https:\/\/www.larbredeleveil.org\/lademeuresanslimites\/wp-content\/uploads\/2019\/07\/jizo.jpg\" \/>\n\t<meta property=\"og:image:width\" content=\"283\" \/>\n\t<meta property=\"og:image:height\" content=\"425\" \/>\n\t<meta property=\"og:image:type\" content=\"image\/jpeg\" \/>\n<meta name=\"twitter:card\" content=\"summary_large_image\" \/>\n<meta name=\"twitter:label1\" content=\"Dur\u00e9e de lecture estim\u00e9e\" \/>\n\t<meta name=\"twitter:data1\" content=\"1 minute\" \/>\n<script type=\"application\/ld+json\" class=\"yoast-schema-graph\">{\"@context\":\"https:\/\/schema.org\",\"@graph\":[{\"@type\":\"WebPage\",\"@id\":\"https:\/\/www.larbredeleveil.org\/lademeuresanslimites\/le-programme\/retraite-de-obon-avec-jokei-sensei\/\",\"url\":\"https:\/\/www.larbredeleveil.org\/lademeuresanslimites\/le-programme\/retraite-de-obon-avec-jokei-sensei\/\",\"name\":\"O'BON - Retraite du 13 au 18 ao\u00fbt - La Demeure sans Limites\",\"isPartOf\":{\"@id\":\"https:\/\/www.larbredeleveil.org\/lademeuresanslimites\/#website\"},\"primaryImageOfPage\":{\"@id\":\"https:\/\/www.larbredeleveil.org\/lademeuresanslimites\/le-programme\/retraite-de-obon-avec-jokei-sensei\/#primaryimage\"},\"image\":{\"@id\":\"https:\/\/www.larbredeleveil.org\/lademeuresanslimites\/le-programme\/retraite-de-obon-avec-jokei-sensei\/#primaryimage\"},\"thumbnailUrl\":\"https:\/\/www.larbredeleveil.org\/lademeuresanslimites\/wp-content\/uploads\/2019\/07\/jizo.jpg\",\"datePublished\":\"2020-03-13T13:30:38+00:00\",\"dateModified\":\"2021-02-18T11:51:22+00:00\",\"description\":\"Du 13 ao\u00fbt au soir au 18 ao\u00fbt apr\u00e8s d\u00e9jeuner. Th\u00e8me des enseignements : \u00ab Accueillir et laisser partir \u00bb Retraite ferm\u00e9e les 16 et 17 ao\u00fbt. Journ\u00e9es de Temple Bouddhiste Zen, Saint-Agr\u00e8ve en Ard\u00e8che\",\"breadcrumb\":{\"@id\":\"https:\/\/www.larbredeleveil.org\/lademeuresanslimites\/le-programme\/retraite-de-obon-avec-jokei-sensei\/#breadcrumb\"},\"inLanguage\":\"fr-FR\",\"potentialAction\":[{\"@type\":\"ReadAction\",\"target\":[\"https:\/\/www.larbredeleveil.org\/lademeuresanslimites\/le-programme\/retraite-de-obon-avec-jokei-sensei\/\"]}]},{\"@type\":\"ImageObject\",\"inLanguage\":\"fr-FR\",\"@id\":\"https:\/\/www.larbredeleveil.org\/lademeuresanslimites\/le-programme\/retraite-de-obon-avec-jokei-sensei\/#primaryimage\",\"url\":\"https:\/\/www.larbredeleveil.org\/lademeuresanslimites\/wp-content\/uploads\/2019\/07\/jizo.jpg\",\"contentUrl\":\"https:\/\/www.larbredeleveil.org\/lademeuresanslimites\/wp-content\/uploads\/2019\/07\/jizo.jpg\",\"width\":283,\"height\":425},{\"@type\":\"BreadcrumbList\",\"@id\":\"https:\/\/www.larbredeleveil.org\/lademeuresanslimites\/le-programme\/retraite-de-obon-avec-jokei-sensei\/#breadcrumb\",\"itemListElement\":[{\"@type\":\"ListItem\",\"position\":1,\"name\":\"Accueil\",\"item\":\"https:\/\/www.larbredeleveil.org\/lademeuresanslimites\/\"},{\"@type\":\"ListItem\",\"position\":2,\"name\":\"\u00c9v\u00e8nements\",\"item\":\"https:\/\/www.larbredeleveil.org\/lademeuresanslimites\/programmes-de-la-demeure-sans-limites\/\"},{\"@type\":\"ListItem\",\"position\":3,\"name\":\"O&#8217;BON &#8211; Retraite du 13 au 18 ao\u00fbt\"}]},{\"@type\":\"WebSite\",\"@id\":\"https:\/\/www.larbredeleveil.org\/lademeuresanslimites\/#website\",\"url\":\"https:\/\/www.larbredeleveil.org\/lademeuresanslimites\/\",\"name\":\"La Demeure sans Limites\",\"description\":\"Temple Bouddhiste Zen, Saint-Agr\u00e8ve en Ard\u00e8che\",\"potentialAction\":[{\"@type\":\"SearchAction\",\"target\":{\"@type\":\"EntryPoint\",\"urlTemplate\":\"https:\/\/www.larbredeleveil.org\/lademeuresanslimites\/?s={search_term_string}\"},\"query-input\":{\"@type\":\"PropertyValueSpecification\",\"valueRequired\":true,\"valueName\":\"search_term_string\"}}],\"inLanguage\":\"fr-FR\"}]}<\/script>\n<!-- \/ Yoast SEO plugin. -->","yoast_head_json":{"title":"O'BON - Retraite du 13 au 18 ao\u00fbt - La Demeure sans Limites","description":"Du 13 ao\u00fbt au soir au 18 ao\u00fbt apr\u00e8s d\u00e9jeuner. Th\u00e8me des enseignements : \u00ab Accueillir et laisser partir \u00bb Retraite ferm\u00e9e les 16 et 17 ao\u00fbt. Journ\u00e9es de Temple Bouddhiste Zen, Saint-Agr\u00e8ve en Ard\u00e8che","robots":{"index":"index","follow":"follow","max-snippet":"max-snippet:-1","max-image-preview":"max-image-preview:large","max-video-preview":"max-video-preview:-1"},"canonical":"https:\/\/www.larbredeleveil.org\/lademeuresanslimites\/le-programme\/retraite-de-obon-avec-jokei-sensei\/","og_locale":"fr_FR","og_type":"article","og_title":"O'BON - Retraite du 13 au 18 ao\u00fbt - La Demeure sans Limites","og_description":"Du 13 ao\u00fbt au soir au 18 ao\u00fbt apr\u00e8s d\u00e9jeuner. Th\u00e8me des enseignements : \u00ab Accueillir et laisser partir \u00bb Retraite ferm\u00e9e les 16 et 17 ao\u00fbt. Journ\u00e9es de Temple Bouddhiste Zen, Saint-Agr\u00e8ve en Ard\u00e8che","og_url":"https:\/\/www.larbredeleveil.org\/lademeuresanslimites\/le-programme\/retraite-de-obon-avec-jokei-sensei\/","og_site_name":"La Demeure sans Limites","article_publisher":"https:\/\/www.facebook.com\/Lademeuresanslimites\/","article_modified_time":"2021-02-18T11:51:22+00:00","og_image":[{"width":283,"height":425,"url":"https:\/\/www.larbredeleveil.org\/lademeuresanslimites\/wp-content\/uploads\/2019\/07\/jizo.jpg","type":"image\/jpeg"}],"twitter_card":"summary_large_image","twitter_misc":{"Dur\u00e9e de lecture estim\u00e9e":"1 minute"},"schema":{"@context":"https:\/\/schema.org","@graph":[{"@type":"WebPage","@id":"https:\/\/www.larbredeleveil.org\/lademeuresanslimites\/le-programme\/retraite-de-obon-avec-jokei-sensei\/","url":"https:\/\/www.larbredeleveil.org\/lademeuresanslimites\/le-programme\/retraite-de-obon-avec-jokei-sensei\/","name":"O'BON - Retraite du 13 au 18 ao\u00fbt - La Demeure sans Limites","isPartOf":{"@id":"https:\/\/www.larbredeleveil.org\/lademeuresanslimites\/#website"},"primaryImageOfPage":{"@id":"https:\/\/www.larbredeleveil.org\/lademeuresanslimites\/le-programme\/retraite-de-obon-avec-jokei-sensei\/#primaryimage"},"image":{"@id":"https:\/\/www.larbredeleveil.org\/lademeuresanslimites\/le-programme\/retraite-de-obon-avec-jokei-sensei\/#primaryimage"},"thumbnailUrl":"https:\/\/www.larbredeleveil.org\/lademeuresanslimites\/wp-content\/uploads\/2019\/07\/jizo.jpg","datePublished":"2020-03-13T13:30:38+00:00","dateModified":"2021-02-18T11:51:22+00:00","description":"Du 13 ao\u00fbt au soir au 18 ao\u00fbt apr\u00e8s d\u00e9jeuner. Th\u00e8me des enseignements : \u00ab Accueillir et laisser partir \u00bb Retraite ferm\u00e9e les 16 et 17 ao\u00fbt. Journ\u00e9es de Temple Bouddhiste Zen, Saint-Agr\u00e8ve en Ard\u00e8che","breadcrumb":{"@id":"https:\/\/www.larbredeleveil.org\/lademeuresanslimites\/le-programme\/retraite-de-obon-avec-jokei-sensei\/#breadcrumb"},"inLanguage":"fr-FR","potentialAction":[{"@type":"ReadAction","target":["https:\/\/www.larbredeleveil.org\/lademeuresanslimites\/le-programme\/retraite-de-obon-avec-jokei-sensei\/"]}]},{"@type":"ImageObject","inLanguage":"fr-FR","@id":"https:\/\/www.larbredeleveil.org\/lademeuresanslimites\/le-programme\/retraite-de-obon-avec-jokei-sensei\/#primaryimage","url":"https:\/\/www.larbredeleveil.org\/lademeuresanslimites\/wp-content\/uploads\/2019\/07\/jizo.jpg","contentUrl":"https:\/\/www.larbredeleveil.org\/lademeuresanslimites\/wp-content\/uploads\/2019\/07\/jizo.jpg","width":283,"height":425},{"@type":"BreadcrumbList","@id":"https:\/\/www.larbredeleveil.org\/lademeuresanslimites\/le-programme\/retraite-de-obon-avec-jokei-sensei\/#breadcrumb","itemListElement":[{"@type":"ListItem","position":1,"name":"Accueil","item":"https:\/\/www.larbredeleveil.org\/lademeuresanslimites\/"},{"@type":"ListItem","position":2,"name":"\u00c9v\u00e8nements","item":"https:\/\/www.larbredeleveil.org\/lademeuresanslimites\/programmes-de-la-demeure-sans-limites\/"},{"@type":"ListItem","position":3,"name":"O&#8217;BON &#8211; Retraite du 13 au 18 ao\u00fbt"}]},{"@type":"WebSite","@id":"https:\/\/www.larbredeleveil.org\/lademeuresanslimites\/#website","url":"https:\/\/www.larbredeleveil.org\/lademeuresanslimites\/","name":"La Demeure sans Limites","description":"Temple Bouddhiste Zen, Saint-Agr\u00e8ve en Ard\u00e8che","potentialAction":[{"@type":"SearchAction","target":{"@type":"EntryPoint","urlTemplate":"https:\/\/www.larbredeleveil.org\/lademeuresanslimites\/?s={search_term_string}"},"query-input":{"@type":"PropertyValueSpecification","valueRequired":true,"valueName":"search_term_string"}}],"inLanguage":"fr-FR"}]}},"_links":{"self":[{"href":"https:\/\/www.larbredeleveil.org\/lademeuresanslimites\/wp-json\/wp\/v2\/tribe_events\/535","targetHints":{"allow":["GET"]}}],"collection":[{"href":"https:\/\/www.larbredeleveil.org\/lademeuresanslimites\/wp-json\/wp\/v2\/tribe_events"}],"about":[{"href":"https:\/\/www.larbredeleveil.org\/lademeuresanslimites\/wp-json\/wp\/v2\/types\/tribe_events"}],"author":[{"embeddable":true,"href":"https:\/\/www.larbredeleveil.org\/lademeuresanslimites\/wp-json\/wp\/v2\/users\/1"}],"replies":[{"embeddable":true,"href":"https:\/\/www.larbredeleveil.org\/lademeuresanslimites\/wp-json\/wp\/v2\/comments?post=535"}],"version-history":[{"count":0,"href":"https:\/\/www.larbredeleveil.org\/lademeuresanslimites\/wp-json\/wp\/v2\/tribe_events\/535\/revisions"}],"wp:featuredmedia":[{"embeddable":true,"href":"https:\/\/www.larbredeleveil.org\/lademeuresanslimites\/wp-json\/wp\/v2\/media\/1492"}],"wp:attachment":[{"href":"https:\/\/www.larbredeleveil.org\/lademeuresanslimites\/wp-json\/wp\/v2\/media?parent=535"}],"wp:term":[{"taxonomy":"post_tag","embeddable":true,"href":"https:\/\/www.larbredeleveil.org\/lademeuresanslimites\/wp-json\/wp\/v2\/tags?post=535"},{"taxonomy":"tribe_events_cat","embeddable":true,"href":"https:\/\/www.larbredeleveil.org\/lademeuresanslimites\/wp-json\/wp\/v2\/tribe_events_cat?post=535"}],"curies":[{"name":"wp","href":"https:\/\/api.w.org\/{rel}","templated":true}]}}